{"id":273,"date":"2021-03-09T03:03:38","date_gmt":"2021-03-09T03:03:38","guid":{"rendered":"http:\/\/www.fkinteriery.cz\/?page_id=273"},"modified":"2021-03-25T07:58:32","modified_gmt":"2021-03-25T07:58:32","slug":"nabytek-a-ostatni-vybaveni","status":"publish","type":"page","link":"https:\/\/www.fkinteriery.cz\/index.php\/nabytek-a-ostatni-vybaveni\/","title":{"rendered":"N\u00e1bytek a ostatn\u00ed vybaven\u00ed"},"content":{"rendered":"<p>[et_pb_section fb_built=&#8220;1&#8243; admin_label=&#8220;Header&#8220; _builder_version=&#8220;4.9.1&#8243; use_background_color_gradient=&#8220;on&#8220; background_color_gradient_start=&#8220;rgba(247,241,227,0.52)&#8220; background_color_gradient_end=&#8220;rgba(247,243,236,0.7)&#8220; background_color_gradient_direction=&#8220;150deg&#8220; background_color_gradient_start_position=&#8220;26%&#8220; background_color_gradient_overlays_image=&#8220;on&#8220; background_image=&#8220;https:\/\/www.fkinteriery.cz\/wp-content\/uploads\/2021\/03\/DSC_0115-scaled.jpg&#8220; custom_padding=&#8220;54px|0px|0|0px|false|false&#8220;][et_pb_row column_structure=&#8220;1_2,1_2&#8243; _builder_version=&#8220;3.25&#8243;][et_pb_column type=&#8220;1_2&#8243; _builder_version=&#8220;3.25&#8243; custom_padding=&#8220;|||&#8220; custom_padding__hover=&#8220;|||&#8220;][et_pb_text _builder_version=&#8220;4.9.1&#8243; text_font=&#8220;||||||||&#8220; header_font=&#8220;Montserrat|600|||||||&#8220; header_text_color=&#8220;#ef6f49&#8243; header_font_size=&#8220;57px&#8220; header_line_height=&#8220;1.1em&#8220; header_4_font=&#8220;Montserrat|500||on|||||&#8220; header_4_text_color=&#8220;#ef6f49&#8243; header_4_font_size=&#8220;11px&#8220; header_4_letter_spacing=&#8220;3px&#8220; header_font_size_tablet=&#8220;50px&#8220; header_font_size_phone=&#8220;40px&#8220; header_font_size_last_edited=&#8220;on|phone&#8220; locked=&#8220;off&#8220;]<\/p>\n<h1><span style=\"color: #333333;\"><strong>FK INTERIERY<\/strong><\/span><\/h1>\n<h1><\/h1>\n<p>[\/et_pb_text][et_pb_button button_url=&#8220;@ET-DC@eyJkeW5hbWljIjp0cnVlLCJjb250ZW50IjoicG9zdF9saW5rX3VybF9wYWdlIiwic2V0dGluZ3MiOnsicG9zdF9pZCI6IjExMyJ9fQ==@&#8220; button_text=&#8220;kontaktujte n\u00e1s&#8220; button_alignment=&#8220;left&#8220; _builder_version=&#8220;4.9.1&#8243; _dynamic_attributes=&#8220;button_url&#8220; custom_button=&#8220;on&#8220; button_text_size=&#8220;13px&#8220; button_text_color=&#8220;#ffffff&#8220; button_bg_color=&#8220;#ef6f49&#8243; button_border_width=&#8220;0px&#8220; button_border_radius=&#8220;0px&#8220; button_letter_spacing=&#8220;2px&#8220; button_font=&#8220;Montserrat|600||on|||||&#8220; button_use_icon=&#8220;off&#8220; custom_padding=&#8220;12px|24px|12px|24px|true|true&#8220; locked=&#8220;off&#8220; button_bg_color__hover=&#8220;#d64228&#8243; button_bg_color__hover_enabled=&#8220;on&#8220;][\/et_pb_button][\/et_pb_column][et_pb_column type=&#8220;1_2&#8243; _builder_version=&#8220;3.25&#8243; custom_padding=&#8220;40px|||&#8220; custom_padding_tablet=&#8220;0px|||&#8220; custom_padding_phone=&#8220;&#8220; custom_padding_last_edited=&#8220;on|tablet&#8220; padding_tablet=&#8220;0px|||&#8220; padding_last_edited=&#8220;on|tablet&#8220; custom_padding__hover=&#8220;|||&#8220;][\/et_pb_column][\/et_pb_row][et_pb_row column_structure=&#8220;3_5,2_5&#8243; padding_left_right_link_1=&#8220;true&#8220; _builder_version=&#8220;3.25&#8243; max_width=&#8220;1200px&#8220; module_alignment=&#8220;center&#8220; custom_margin=&#8220;60px||&#8220; custom_padding=&#8220;0|0|0px|0|false|true&#8220; box_shadow_style=&#8220;preset4&#8243; box_shadow_horizontal=&#8220;-700px&#8220; box_shadow_vertical=&#8220;0px&#8220; box_shadow_color=&#8220;#ffffff&#8220; use_custom_width=&#8220;on&#8220; custom_width_px=&#8220;1200px&#8220; custom_width_px__hover=&#8220;1080px&#8220; custom_width_px__hover_enabled=&#8220;1080px&#8220; custom_width_percent__hover=&#8220;80%&#8220; custom_width_percent__hover_enabled=&#8220;80%&#8220; make_fullwidth__hover=&#8220;off&#8220; make_fullwidth__hover_enabled=&#8220;off&#8220; use_custom_width__hover=&#8220;off&#8220; use_custom_width__hover_enabled=&#8220;off&#8220; width_unit__hover=&#8220;on&#8220; width_unit__hover_enabled=&#8220;on&#8220; use_custom_gutter__hover=&#8220;off&#8220; use_custom_gutter__hover_enabled=&#8220;off&#8220; gutter_width__hover=&#8220;3&#8243; gutter_width__hover_enabled=&#8220;3&#8243; make_equal__hover=&#8220;off&#8220; make_equal__hover_enabled=&#8220;off&#8220; max_width__hover=&#8220;1080px&#8220; max_width__hover_enabled=&#8220;1080px&#8220;][et_pb_column type=&#8220;3_5&#8243; _builder_version=&#8220;3.25&#8243; background_color=&#8220;#ffffff&#8220; custom_padding=&#8220;60px|60px||60px&#8220; custom_padding__hover=&#8220;|||&#8220;][et_pb_divider color=&#8220;#ef6f49&#8243; _builder_version=&#8220;3.19&#8243; max_width=&#8220;70px&#8220; custom_margin=&#8220;||0px&#8220; locked=&#8220;off&#8220;][\/et_pb_divider][et_pb_text _builder_version=&#8220;4.9.0&#8243; text_font=&#8220;||||||||&#8220; header_font=&#8220;Montserrat||||||||&#8220; header_font_size=&#8220;40px&#8220; header_3_font=&#8220;Montserrat|300|||||||&#8220; header_3_font_size=&#8220;26px&#8220; header_3_line_height=&#8220;1.5em&#8220; header_4_font=&#8220;Montserrat|500||on|||||&#8220; header_4_text_color=&#8220;#ef6f49&#8243; header_4_font_size=&#8220;11px&#8220; header_4_letter_spacing=&#8220;3px&#8220; max_width=&#8220;700px&#8220; custom_margin=&#8220;||&#8220; locked=&#8220;off&#8220; header_2_font_size__hover=&#8220;26px&#8220; header_2_font_size__hover_enabled=&#8220;26px&#8220; header_2_letter_spacing__hover=&#8220;0px&#8220; header_2_letter_spacing__hover_enabled=&#8220;0px&#8220; header_2_line_height__hover=&#8220;1em&#8220; header_2_line_height__hover_enabled=&#8220;1em&#8220; header_2_text_shadow_style__hover=&#8220;none&#8220; header_2_text_shadow_style__hover_enabled=&#8220;none&#8220; header_2_text_shadow_color__hover=&#8220;rgba(0,0,0,0.4)&#8220; header_2_text_shadow_color__hover_enabled=&#8220;rgba(0,0,0,0.4)&#8220;]<\/p>\n<h1>N\u00e1bytek a ostatn\u00ed vybaven\u00ed<\/h1>\n<p>[\/et_pb_text][\/et_pb_column][et_pb_column type=&#8220;2_5&#8243; _builder_version=&#8220;3.25&#8243; custom_padding=&#8220;|||&#8220; custom_padding__hover=&#8220;|||&#8220;][\/et_pb_column][\/et_pb_row][\/et_pb_section][et_pb_section fb_built=&#8220;1&#8243; specialty=&#8220;on&#8220; admin_label=&#8220;About&#8220; _builder_version=&#8220;3.22&#8243;][et_pb_column type=&#8220;2_3&#8243; specialty_columns=&#8220;2&#8243; _builder_version=&#8220;3.25&#8243; custom_padding=&#8220;|||&#8220; parallax__hover=&#8220;off&#8220; parallax_method__hover=&#8220;on&#8220; custom_padding__hover=&#8220;|||&#8220;][et_pb_row_inner _builder_version=&#8220;3.25&#8243;][et_pb_column_inner saved_specialty_column_type=&#8220;2_3&#8243; _builder_version=&#8220;3.25&#8243; custom_padding=&#8220;|10%||&#8220; padding_right__hover=&#8220;10%&#8220; parallax__hover=&#8220;off&#8220; parallax_method__hover=&#8220;on&#8220; custom_padding__hover=&#8220;|||&#8220;][et_pb_text _builder_version=&#8220;4.9.1&#8243; text_font=&#8220;||||||||&#8220; text_font_size=&#8220;15px&#8220; text_line_height=&#8220;2.2em&#8220; locked=&#8220;off&#8220;]<\/p>\n<p>Mimo obvyklou v\u00fdrobu n\u00e1bytku na m\u00edru m\u00e1me zku\u0161enosti tak\u00e9 s v\u00fdrobou vestavn\u00fdch pater\u00a0\u010di venkovn\u00edch pergol.<\/p>\n<p>Zhotov\u00edme n\u00e1bytek na m\u00edru p\u0159esn\u011b podle Va\u0161ich p\u0159edstav a po\u017eadavk\u016f. Pokud nev\u00edte, jak\u00fd zvolit styl \u010di materi\u00e1l, r\u00e1di V\u00e1m porad\u00edme.<\/p>\n<p>Vyr\u00e1b\u00edme n\u00e1bytek z lamina, ze d\u0159eva, d\u00fdhovan\u00fdch i kompaktn\u00edch desek. Pou\u017e\u00edv\u00e1me jen kvalitn\u00ed kov\u00e1n\u00ed.<\/p>\n<p>[\/et_pb_text][et_pb_blurb image=&#8220;https:\/\/www.fkinteriery.cz\/wp-content\/uploads\/2021\/03\/furniture-icon-12.png&#8220; _builder_version=&#8220;4.9.1&#8243; header_font=&#8220;Montserrat|600||on|||||&#8220; header_text_color=&#8220;rgba(0,0,0,0.23)&#8220; header_font_size=&#8220;12px&#8220; header_letter_spacing=&#8220;1px&#8220; header_line_height=&#8220;1.8em&#8220; body_font=&#8220;||||||||&#8220; body_line_height=&#8220;2em&#8220; text_orientation=&#8220;center&#8220; animation=&#8220;off&#8220; locked=&#8220;off&#8220; header_font_size__hover=&#8220;22px&#8220; header_font_size__hover_enabled=&#8220;22px&#8220; header_letter_spacing__hover=&#8220;0px&#8220; header_letter_spacing__hover_enabled=&#8220;0px&#8220; header_line_height__hover=&#8220;1em&#8220; header_line_height__hover_enabled=&#8220;1em&#8220; header_text_shadow_style__hover=&#8220;none&#8220; header_text_shadow_style__hover_enabled=&#8220;none&#8220; header_text_shadow_color__hover=&#8220;rgba(0,0,0,0.4)&#8220; header_text_shadow_color__hover_enabled=&#8220;rgba(0,0,0,0.4)&#8220; max_width__hover=&#8220;100%&#8220; max_width__hover_enabled=&#8220;100%&#8220;]<\/p>\n<p><strong>P\u0159i n\u00e1vrhu i v\u00fdrob\u011b n\u00e1bytku db\u00e1me na p\u0159\u00e1n\u00ed z\u00e1kazn\u00edka a individu\u00e1ln\u00ed p\u0159\u00edstup k n\u011bmu.<\/strong><\/p>\n<p>[\/et_pb_blurb][\/et_pb_column_inner][\/et_pb_row_inner][\/et_pb_column][et_pb_column type=&#8220;1_3&#8243; _builder_version=&#8220;3.25&#8243; custom_padding=&#8220;|||&#8220; parallax__hover=&#8220;off&#8220; parallax_method__hover=&#8220;on&#8220; custom_padding__hover=&#8220;|||&#8220;][et_pb_image src=&#8220;https:\/\/www.fkinteriery.cz\/wp-content\/uploads\/2021\/03\/Obyvak-NTV3ee.jpg&#8220; title_text=&#8220;fk interiery sk\u0159\u00ed\u0148&#8220; align_tablet=&#8220;center&#8220; align_phone=&#8220;&#8220; align_last_edited=&#8220;on|desktop&#8220; _builder_version=&#8220;4.9.1&#8243;][\/et_pb_image][\/et_pb_column][\/et_pb_section][et_pb_section fb_built=&#8220;1&#8243; _builder_version=&#8220;4.9.1&#8243; _module_preset=&#8220;default&#8220;][et_pb_row column_structure=&#8220;3_5,2_5&#8243; _builder_version=&#8220;4.9.1&#8243; _module_preset=&#8220;default&#8220;][et_pb_column type=&#8220;3_5&#8243; _builder_version=&#8220;4.9.1&#8243; _module_preset=&#8220;default&#8220;][et_pb_image src=&#8220;https:\/\/www.fkinteriery.cz\/wp-content\/uploads\/2021\/03\/manja-vitolic-7tOV35hnkao-unsplash.jpg&#8220; _builder_version=&#8220;4.9.1&#8243; _module_preset=&#8220;default&#8220; title_text=&#8220;fk interiery z\u00e1pat\u00ed&#8220; hover_enabled=&#8220;0&#8243; sticky_enabled=&#8220;0&#8243;][\/et_pb_image][\/et_pb_column][et_pb_column type=&#8220;2_5&#8243; _builder_version=&#8220;4.9.1&#8243; _module_preset=&#8220;default&#8220;][et_pb_text _builder_version=&#8220;4.9.1&#8243; _module_preset=&#8220;default&#8220; custom_padding=&#8220;1px|||||&#8220; hover_enabled=&#8220;0&#8243; sticky_enabled=&#8220;0&#8243;]<\/p>\n<ul>\n<li>\n<h6 style=\"text-align: left;\"><strong>koupelnov\u00fd n\u00e1bytek<\/strong><\/h6>\n<\/li>\n<li>\n<h6><strong>knihovny\u00a0<\/strong><\/h6>\n<\/li>\n<li>\n<h6><strong>designov\u00fd n\u00e1bytek<\/strong><\/h6>\n<\/li>\n<li>\n<h6><strong>podlahy<\/strong><\/h6>\n<\/li>\n<li>\n<h6><strong>sauny<\/strong><\/h6>\n<\/li>\n<li>\n<h6><strong>pergoly<\/strong><\/h6>\n<\/li>\n<li>\n<h6><strong>d\u0159ev\u011bn\u00e9 prvky rodinn\u00fdch dom\u016f<\/strong><\/h6>\n<\/li>\n<\/ul>\n<p><strong><\/strong><\/p>\n<p><strong><\/strong><\/p>\n<p><strong><\/strong><\/p>\n<p><strong><\/strong><\/p>\n<p>[\/et_pb_text][\/et_pb_column][\/et_pb_row][et_pb_row _builder_version=&#8220;4.9.1&#8243; _module_preset=&#8220;default&#8220;][et_pb_column _builder_version=&#8220;4.9.1&#8243; _module_preset=&#8220;default&#8220; type=&#8220;4_4&#8243;][et_pb_gallery _builder_version=&#8220;4.9.1&#8243; _module_preset=&#8220;default&#8220; gallery_ids=&#8220;569,573,570,527,182,572,168,166,641,571,173&#8243; title_text_color=&#8220;RGBA(0,0,0,0)&#8220; background_layout=&#8220;dark&#8220; show_title_and_caption=&#8220;off&#8220; show_pagination=&#8220;off&#8220; hover_enabled=&#8220;0&#8243; sticky_enabled=&#8220;0&#8243;][\/et_pb_gallery][\/et_pb_column][\/et_pb_row][\/et_pb_section]<\/p>\n","protected":false},"excerpt":{"rendered":"<p>FK INTERIERY N\u00e1bytek a ostatn\u00ed vybaven\u00edMimo obvyklou v\u00fdrobu n\u00e1bytku na m\u00edru m\u00e1me zku\u0161enosti tak\u00e9 s v\u00fdrobou vestavn\u00fdch pater\u00a0\u010di venkovn\u00edch pergol. Zhotov\u00edme n\u00e1bytek na m\u00edru p\u0159esn\u011b podle Va\u0161ich p\u0159edstav a po\u017eadavk\u016f. Pokud nev\u00edte, jak\u00fd zvolit styl \u010di materi\u00e1l, r\u00e1di V\u00e1m porad\u00edme. Vyr\u00e1b\u00edme n\u00e1bytek z lamina, ze d\u0159eva, d\u00fdhovan\u00fdch i kompaktn\u00edch desek. Pou\u017e\u00edv\u00e1me jen kvalitn\u00ed kov\u00e1n\u00ed.P\u0159i n\u00e1vrhu [&hellip;]<\/p>\n","protected":false},"author":1,"featured_media":0,"parent":0,"menu_order":0,"comment_status":"closed","ping_status":"closed","template":"","meta":{"_et_pb_use_builder":"on","_et_pb_old_content":"","_et_gb_content_width":"","footnotes":""},"class_list":["post-273","page","type-page","status-publish","hentry"],"_links":{"self":[{"href":"https:\/\/www.fkinteriery.cz\/index.php\/wp-json\/wp\/v2\/pages\/273","targetHints":{"allow":["GET"]}}],"collection":[{"href":"https:\/\/www.fkinteriery.cz\/index.php\/wp-json\/wp\/v2\/pages"}],"about":[{"href":"https:\/\/www.fkinteriery.cz\/index.php\/wp-json\/wp\/v2\/types\/page"}],"author":[{"embeddable":true,"href":"https:\/\/www.fkinteriery.cz\/index.php\/wp-json\/wp\/v2\/users\/1"}],"replies":[{"embeddable":true,"href":"https:\/\/www.fkinteriery.cz\/index.php\/wp-json\/wp\/v2\/comments?post=273"}],"version-history":[{"count":18,"href":"https:\/\/www.fkinteriery.cz\/index.php\/wp-json\/wp\/v2\/pages\/273\/revisions"}],"predecessor-version":[{"id":735,"href":"https:\/\/www.fkinteriery.cz\/index.php\/wp-json\/wp\/v2\/pages\/273\/revisions\/735"}],"wp:attachment":[{"href":"https:\/\/www.fkinteriery.cz\/index.php\/wp-json\/wp\/v2\/media?parent=273"}],"curies":[{"name":"wp","href":"https:\/\/api.w.org\/{rel}","templated":true}]}}